{"id":35,"date":"2020-06-18T09:07:47","date_gmt":"2020-06-18T09:07:47","guid":{"rendered":"http:\/\/jetzt-ev.de\/?page_id=35"},"modified":"2026-03-24T17:19:09","modified_gmt":"2026-03-24T17:19:09","slug":"ueber-uns","status":"publish","type":"page","link":"https:\/\/jetzt-ev.de\/","title":{"rendered":"\u00dcber uns"},"content":{"rendered":"\t\t<div data-elementor-type=\"wp-page\" data-elementor-id=\"35\" class=\"elementor elementor-35\">\n\t\t\t\t\t\t<section class=\"elementor-section elementor-top-section elementor-element elementor-element-36f75ed elementor-section-boxed elementor-section-height-default elementor-section-height-default\" data-id=\"36f75ed\" data-element_type=\"section\" data-e-type=\"section\">\n\t\t\t\t\t\t<div class=\"elementor-container elementor-column-gap-default\">\n\t\t\t\t\t<div class=\"elementor-column elementor-col-100 elementor-top-column elementor-element elementor-element-3cea053\" data-id=\"3cea053\" data-element_type=\"column\" data-e-type=\"column\">\n\t\t\t<div class=\"elementor-widget-wrap elementor-element-populated\">\n\t\t\t\t\t\t<div class=\"elementor-element elementor-element-7f7838e elementor-widget elementor-widget-heading\" data-id=\"7f7838e\" data-element_type=\"widget\" data-e-type=\"widget\" data-widget_type=\"heading.default\">\n\t\t\t\t<div class=\"elementor-widget-container\">\n\t\t\t\t\t<h1 class=\"elementor-heading-title elementor-size-default\">Beratung, Coaching und Bildung<\/h1>\t\t\t\t<\/div>\n\t\t\t\t<\/div>\n\t\t\t\t\t<\/div>\n\t\t<\/div>\n\t\t\t\t\t<\/div>\n\t\t<\/section>\n\t\t\t\t<section class=\"elementor-section elementor-top-section elementor-element elementor-element-6b612e5 elementor-section-boxed elementor-section-height-default elementor-section-height-default\" data-id=\"6b612e5\" data-element_type=\"section\" data-e-type=\"section\">\n\t\t\t\t\t\t<div class=\"elementor-container elementor-column-gap-default\">\n\t\t\t\t\t<div class=\"elementor-column elementor-col-100 elementor-top-column elementor-element elementor-element-250a866\" data-id=\"250a866\" data-element_type=\"column\" data-e-type=\"column\">\n\t\t\t<div class=\"elementor-widget-wrap elementor-element-populated\">\n\t\t\t\t\t\t<div class=\"elementor-element elementor-element-0b8df48 elementor-widget elementor-widget-text-editor\" data-id=\"0b8df48\" data-element_type=\"widget\" data-e-type=\"widget\" data-widget_type=\"text-editor.default\">\n\t\t\t\t<div class=\"elementor-widget-container\">\n\t\t\t\t\t\t\t\t\t<p>Jetzt e.V. bietet Beratung, Moderationen, Kooperationen, Vernetzung, Fortbildungen, Seminare, Prozessbegleitung und Coaching an.\u00a0<\/p><p>Wir sind an Ihrer Seite:<\/p><ul><li>wenn es bei Ihnen vor Ort rechtsextreme Aktivit\u00e4ten gibt<\/li><li>wenn Sie und Ihr Umfeld Bedrohungen und Anfeindungen erleben<\/li><li>wenn Sie auf den Social Media-Kan\u00e4len beleidigt werden<\/li><li>wenn Sie in Ihrer Organisation rechtspopulistische Tendenzen feststellen<\/li><\/ul><p><span style=\"font-size: 14px;\">Unser Angebote richten sich an <b>unterschiedlichtste Gruppen und Einzelpersonen<\/b>: B\u00fcrgermeister*innen, Kommunen, Verwaltungen, Ehrenamtliche, Lehrer*innen, Kitas, Initiativen, Eltern, Jugendeinrichtungen, F\u00fchrungskr\u00e4fte und Privatpersonen.<\/span><\/p><p><span style=\"font-size: 14px;\">Wir sind ziemlich <\/span><b style=\"font-size: 14px;\">mobil <\/b><span style=\"font-size: 14px;\">\u2013 das bedeutet: Wir sind gerne vor Ort und, auch mit Abstand, nah dran. Es geht uns um Ortskenntnisse (fand schon Tucholsky wichtig!). Also: Kurze Wege, f\u00fcr alle, die uns brauchen, ob analog oder digital.<\/span><\/p><p><span style=\"font-size: 14px;\">Unsere Beratung ist\u00a0<\/span>ist <b>kostenlos<\/b>, dank der F\u00f6rderung durch Bundes- und Landesprogramme.<\/p>\t\t\t\t\t\t\t\t<\/div>\n\t\t\t\t<\/div>\n\t\t\t\t\t<\/div>\n\t\t<\/div>\n\t\t\t\t\t<\/div>\n\t\t<\/section>\n\t\t\t\t<section class=\"elementor-section elementor-top-section elementor-element elementor-element-584e98b elementor-section-boxed elementor-section-height-default elementor-section-height-default\" data-id=\"584e98b\" data-element_type=\"section\" data-e-type=\"section\">\n\t\t\t\t\t\t<div class=\"elementor-container elementor-column-gap-default\">\n\t\t\t\t\t<div class=\"elementor-column elementor-col-100 elementor-top-column elementor-element elementor-element-b64e3b3\" data-id=\"b64e3b3\" data-element_type=\"column\" data-e-type=\"column\">\n\t\t\t<div class=\"elementor-widget-wrap elementor-element-populated\">\n\t\t\t\t\t\t<div class=\"elementor-element elementor-element-a5d74c9 elementor-widget elementor-widget-heading\" data-id=\"a5d74c9\" data-element_type=\"widget\" data-e-type=\"widget\" data-widget_type=\"heading.default\">\n\t\t\t\t<div class=\"elementor-widget-container\">\n\t\t\t\t\t<h1 class=\"elementor-heading-title elementor-size-default\">Erfahren und vernetzt<\/h1>\t\t\t\t<\/div>\n\t\t\t\t<\/div>\n\t\t\t\t\t<\/div>\n\t\t<\/div>\n\t\t\t\t\t<\/div>\n\t\t<\/section>\n\t\t\t\t<section class=\"elementor-section elementor-top-section elementor-element elementor-element-2d518e7 elementor-section-boxed elementor-section-height-default elementor-section-height-default\" data-id=\"2d518e7\" data-element_type=\"section\" data-e-type=\"section\">\n\t\t\t\t\t\t<div class=\"elementor-container elementor-column-gap-default\">\n\t\t\t\t\t<div class=\"elementor-column elementor-col-100 elementor-top-column elementor-element elementor-element-7df237e\" data-id=\"7df237e\" data-element_type=\"column\" data-e-type=\"column\">\n\t\t\t<div class=\"elementor-widget-wrap elementor-element-populated\">\n\t\t\t\t\t\t<div class=\"elementor-element elementor-element-4117e02 elementor-widget elementor-widget-text-editor\" data-id=\"4117e02\" data-element_type=\"widget\" data-e-type=\"widget\" data-widget_type=\"text-editor.default\">\n\t\t\t\t<div class=\"elementor-widget-container\">\n\t\t\t\t\t\t\t\t\t<p>Die meisten Mitglieder des 2017 gegr\u00fcndeten Vereins \u201eJetzt!\u201c sind seit langem als freiberufliche Berater*innen unter dem Dach des \u201eBeratungsnetzwerk Hessen \u2013 gemeinsam f\u00fcr Demokratie und gegen Rechtsextremismus\u201c t\u00e4tig. Als kompetente Ansprechpartner f\u00fcr alle Themen der Mobilen Beratung, sind wir vor allem in Mittel- und S\u00fcdhessen aktiv.<\/p>\t\t\t\t\t\t\t\t<\/div>\n\t\t\t\t<\/div>\n\t\t\t\t\t<\/div>\n\t\t<\/div>\n\t\t\t\t\t<\/div>\n\t\t<\/section>\n\t\t\t\t<section class=\"elementor-section elementor-top-section elementor-element elementor-element-1ec96c2 elementor-section-boxed elementor-section-height-default elementor-section-height-default\" data-id=\"1ec96c2\" data-element_type=\"section\" data-e-type=\"section\">\n\t\t\t\t\t\t<div class=\"elementor-container elementor-column-gap-default\">\n\t\t\t\t\t<div class=\"elementor-column elementor-col-100 elementor-top-column elementor-element elementor-element-fbe30c7\" data-id=\"fbe30c7\" data-element_type=\"column\" data-e-type=\"column\">\n\t\t\t<div class=\"elementor-widget-wrap elementor-element-populated\">\n\t\t\t\t\t\t<div class=\"elementor-element elementor-element-a551388 elementor-widget elementor-widget-image\" data-id=\"a551388\" data-element_type=\"widget\" data-e-type=\"widget\" data-widget_type=\"image.default\">\n\t\t\t\t<div class=\"elementor-widget-container\">\n\t\t\t\t\t\t\t\t\t\t\t\t\t\t\t\t<a href=\"http:\/\/beratungsnetzwerk-hessen.de\/\">\n\t\t\t\t\t\t\t<img decoding=\"async\" width=\"300\" height=\"111\" src=\"https:\/\/jetzt-ev.de\/wp-content\/uploads\/2020\/06\/bnwhlogo-300x111.png\" class=\"attachment-medium size-medium wp-image-56\" alt=\"\" srcset=\"https:\/\/jetzt-ev.de\/wp-content\/uploads\/2020\/06\/bnwhlogo-300x111.png 300w, https:\/\/jetzt-ev.de\/wp-content\/uploads\/2020\/06\/bnwhlogo.png 406w\" sizes=\"(max-width: 300px) 100vw, 300px\" \/>\t\t\t\t\t\t\t\t<\/a>\n\t\t\t\t\t\t\t\t\t\t\t\t\t\t\t<\/div>\n\t\t\t\t<\/div>\n\t\t\t\t\t<\/div>\n\t\t<\/div>\n\t\t\t\t\t<\/div>\n\t\t<\/section>\n\t\t\t\t<section class=\"elementor-section elementor-top-section elementor-element elementor-element-73cd71f elementor-section-boxed elementor-section-height-default elementor-section-height-default\" data-id=\"73cd71f\" data-element_type=\"section\" data-e-type=\"section\">\n\t\t\t\t\t\t<div class=\"elementor-container elementor-column-gap-default\">\n\t\t\t\t\t<div class=\"elementor-column elementor-col-100 elementor-top-column elementor-element elementor-element-7ea3161\" data-id=\"7ea3161\" data-element_type=\"column\" data-e-type=\"column\">\n\t\t\t<div class=\"elementor-widget-wrap elementor-element-populated\">\n\t\t\t\t\t\t<div class=\"elementor-element elementor-element-0007698 elementor-widget elementor-widget-spacer\" data-id=\"0007698\" data-element_type=\"widget\" data-e-type=\"widget\" data-widget_type=\"spacer.default\">\n\t\t\t\t<div class=\"elementor-widget-container\">\n\t\t\t\t\t\t\t<div class=\"elementor-spacer\">\n\t\t\t<div class=\"elementor-spacer-inner\"><\/div>\n\t\t<\/div>\n\t\t\t\t\t\t<\/div>\n\t\t\t\t<\/div>\n\t\t\t\t\t<\/div>\n\t\t<\/div>\n\t\t\t\t\t<\/div>\n\t\t<\/section>\n\t\t\t\t<section class=\"elementor-section elementor-top-section elementor-element elementor-element-f04ad62 elementor-section-boxed elementor-section-height-default elementor-section-height-default\" data-id=\"f04ad62\" data-element_type=\"section\" data-e-type=\"section\">\n\t\t\t\t\t\t<div class=\"elementor-container elementor-column-gap-default\">\n\t\t\t\t\t<div class=\"elementor-column elementor-col-100 elementor-top-column elementor-element elementor-element-c79f296\" data-id=\"c79f296\" data-element_type=\"column\" data-e-type=\"column\">\n\t\t\t<div class=\"elementor-widget-wrap elementor-element-populated\">\n\t\t\t\t\t\t<div class=\"elementor-element elementor-element-80f86d6 elementor-widget elementor-widget-heading\" data-id=\"80f86d6\" data-element_type=\"widget\" data-e-type=\"widget\" data-widget_type=\"heading.default\">\n\t\t\t\t<div class=\"elementor-widget-container\">\n\t\t\t\t\t<h1 class=\"elementor-heading-title elementor-size-default\">Einige Stimmen unserer Beratungsnehmenden<\/h1>\t\t\t\t<\/div>\n\t\t\t\t<\/div>\n\t\t\t\t\t<\/div>\n\t\t<\/div>\n\t\t\t\t\t<\/div>\n\t\t<\/section>\n\t\t\t\t<section class=\"elementor-section elementor-top-section elementor-element elementor-element-c21cc42 elementor-section-boxed elementor-section-height-default elementor-section-height-default\" data-id=\"c21cc42\" data-element_type=\"section\" data-e-type=\"section\">\n\t\t\t\t\t\t<div class=\"elementor-container elementor-column-gap-default\">\n\t\t\t\t\t<div class=\"elementor-column elementor-col-100 elementor-top-column elementor-element elementor-element-ff5117a\" data-id=\"ff5117a\" data-element_type=\"column\" data-e-type=\"column\">\n\t\t\t<div class=\"elementor-widget-wrap elementor-element-populated\">\n\t\t\t\t\t\t<div class=\"elementor-element elementor-element-5ccd39b elementor-widget elementor-widget-text-editor\" data-id=\"5ccd39b\" data-element_type=\"widget\" data-e-type=\"widget\" data-widget_type=\"text-editor.default\">\n\t\t\t\t<div class=\"elementor-widget-container\">\n\t\t\t\t\t\t\t\t\t<p><strong><em>&#8222;Ohne Sie h\u00e4tten wir das nicht geschafft. Sie haben den Prozess gut f\u00fcr uns strukturiert und durch Ihre Unterst\u00fctzung habe ich mich getraut, Haltung zu zeigen und auch schwierige Themen offen vor den Kolleg*innen anzusprechen. Zudem konnten wir durch Ihre Beratung neue Perspektiven gewinnen, um eine nachhaltige demokratische Prozessentwicklung an unserer Schule durchzuf\u00fchren.\u201c<\/em><\/strong><br \/>(Schulleiterin einer weiterf\u00fchrenden Schule)<\/p><p><strong><em>\u201eDie Beratung war f\u00fcr mich \u00e4u\u00dferst hilfreich. Nur durch Ihre Unterst\u00fctzung und Moderation ist es uns gelungen, dass die Veranstaltungen nicht eskalierten, sondern einen geregelten Ablauf fanden. Danke daf\u00fcr.\u201c<\/em><\/strong><br \/>(Eine Ortsvorsteherin)<\/p><p><strong><em>\u00a0&#8222;Die Beratung von jetzt! e.V. hat uns wertvolle Orientierung beim Umgang mit Diskriminierung und \u00fcber Ma\u00dfnahmen dazu in unserer Organisation gegeben.&#8220;<\/em><\/strong><br \/>(Feedback eines Vereins aus dem Kulturbereich)<\/p><p><strong><em>\u201eFrau W. und Frau L. sind zwei erfahrene und kompetente Beraterinnen. Die Kombination aus Professionalit\u00e4t und Humor hat Leichtigkeit in das schwere Thema gebracht. Die Zusammenarbeit war sehr unkompliziert und reibungslos. Die Kommunikation war klar und direkt. Die Veranstaltungen und dort insbesondere die Arbeit an Fallbeispielen waren nicht \u00fcberfrachtet, dennoch dicht und ertragreich.\u201c<\/em><\/strong><br \/>(Eine Beratungsnehmende aus dem Hochschulkontext)<\/p><p><strong><em>\u00a0\u201eSie haben mich dabei unterst\u00fctzt, Haltung zu zeigen. Ich konnte mit Ihnen \u00fcber meine Bef\u00fcrchtungen sprechen und durch ihre Begleitung habe ich Sicherheit gewonnen, um meine Haltung zu vertreten. Vielen Dank f\u00fcr Ihre professionelle Unterst\u00fctzung!\u201c<\/em><\/strong><br \/>(Ein B\u00fcrgermeister)<\/p>\t\t\t\t\t\t\t\t<\/div>\n\t\t\t\t<\/div>\n\t\t\t\t\t<\/div>\n\t\t<\/div>\n\t\t\t\t\t<\/div>\n\t\t<\/section>\n\t\t\t\t<section class=\"elementor-section elementor-top-section elementor-element elementor-element-4930bc2 elementor-section-boxed elementor-section-height-default elementor-section-height-default\" data-id=\"4930bc2\" data-element_type=\"section\" data-e-type=\"section\">\n\t\t\t\t\t\t<div class=\"elementor-container elementor-column-gap-default\">\n\t\t\t\t\t<div class=\"elementor-column elementor-col-100 elementor-top-column elementor-element elementor-element-91f1c54\" data-id=\"91f1c54\" data-element_type=\"column\" data-e-type=\"column\">\n\t\t\t<div class=\"elementor-widget-wrap elementor-element-populated\">\n\t\t\t\t\t\t<div class=\"elementor-element elementor-element-2e28aab elementor-widget elementor-widget-heading\" data-id=\"2e28aab\" data-element_type=\"widget\" data-e-type=\"widget\" data-widget_type=\"heading.default\">\n\t\t\t\t<div class=\"elementor-widget-container\">\n\t\t\t\t\t<h1 class=\"elementor-heading-title elementor-size-default\">Kompetent<\/h1>\t\t\t\t<\/div>\n\t\t\t\t<\/div>\n\t\t\t\t\t<\/div>\n\t\t<\/div>\n\t\t\t\t\t<\/div>\n\t\t<\/section>\n\t\t\t\t<section class=\"elementor-section elementor-top-section elementor-element elementor-element-c9d4771 elementor-section-boxed elementor-section-height-default elementor-section-height-default\" data-id=\"c9d4771\" data-element_type=\"section\" data-e-type=\"section\">\n\t\t\t\t\t\t<div class=\"elementor-container elementor-column-gap-default\">\n\t\t\t\t\t<div class=\"elementor-column elementor-col-100 elementor-top-column elementor-element elementor-element-03f99c9\" data-id=\"03f99c9\" data-element_type=\"column\" data-e-type=\"column\">\n\t\t\t<div class=\"elementor-widget-wrap elementor-element-populated\">\n\t\t\t\t\t\t<div class=\"elementor-element elementor-element-07eb246 elementor-widget elementor-widget-text-editor\" data-id=\"07eb246\" data-element_type=\"widget\" data-e-type=\"widget\" data-widget_type=\"text-editor.default\">\n\t\t\t\t<div class=\"elementor-widget-container\">\n\t\t\t\t\t\t\t\t\t<p>Unsere Berater*innen verf\u00fcgen alle \u00fcber fundierte Kompetenzen wie <strong>Systemische Beratung<\/strong> im Kontext von Rechtsextremismus, Coaching, Mediation, Moderation und Begleitung von Ver\u00e4nderungsprozessen. Das Team steht f\u00fcr umfangreiche Themenkenntnisse zu den verschiedenen Facetten von Rechtsextremismus und Gruppenbezogener Menschenfeindlichkeit.<\/p><p>Wir sind fit in Beratung, Coaching, Mediation und P\u00e4dagogik, sind daf\u00fcr professionell ausgebildet, bilden uns st\u00e4ndig weiter und m\u00f6gen das systemische Arbeiten \u2013 das bedeutet: Wir haben alle Ebenen der Organisation im Blick und ihr gesamtes Umfeld. Diese Arbeitsweise schafft es, auch in komplexen Institutionen und Organisationen das Augenmerk auf die unterschiedlichen Ebenen der Organisation zu werfen, Wechselwirkungen zu erkennen und ein tiefes Verst\u00e4ndnis f\u00fcr die Situation der Hilfesuchenden zu bekommen. Und: Das gesamte Umfeld wird in den Blick genommen. Daraus resultieren Handlungsans\u00e4tze, die umfassend und nachhaltig wirken &#8211; f\u00fcr den Ratsuchenden und sein Umfeld. Unser Handlungskonzept kl\u00e4rt das methodische Vorgehen und das Erreichen der Zielgruppen und der Projektziele. Wir kennen uns aus in Kommunalpolitik und Demokratiekonzepten.<\/p>\t\t\t\t\t\t\t\t<\/div>\n\t\t\t\t<\/div>\n\t\t\t\t\t<\/div>\n\t\t<\/div>\n\t\t\t\t\t<\/div>\n\t\t<\/section>\n\t\t\t\t<section class=\"elementor-section elementor-top-section elementor-element elementor-element-fa47035 elementor-section-boxed elementor-section-height-default elementor-section-height-default\" data-id=\"fa47035\" data-element_type=\"section\" data-e-type=\"section\">\n\t\t\t\t\t\t<div class=\"elementor-container elementor-column-gap-default\">\n\t\t\t\t\t<div class=\"elementor-column elementor-col-100 elementor-top-column elementor-element elementor-element-420568d\" data-id=\"420568d\" data-element_type=\"column\" data-e-type=\"column\">\n\t\t\t<div class=\"elementor-widget-wrap elementor-element-populated\">\n\t\t\t\t\t\t<div class=\"elementor-element elementor-element-810caa7 elementor-widget elementor-widget-heading\" data-id=\"810caa7\" data-element_type=\"widget\" data-e-type=\"widget\" data-widget_type=\"heading.default\">\n\t\t\t\t<div class=\"elementor-widget-container\">\n\t\t\t\t\t<h1 class=\"elementor-heading-title elementor-size-default\">Unsere Grunds\u00e4tze<\/h1>\t\t\t\t<\/div>\n\t\t\t\t<\/div>\n\t\t\t\t\t<\/div>\n\t\t<\/div>\n\t\t\t\t\t<\/div>\n\t\t<\/section>\n\t\t\t\t<section class=\"elementor-section elementor-top-section elementor-element elementor-element-0ddbaf9 elementor-section-boxed elementor-section-height-default elementor-section-height-default\" data-id=\"0ddbaf9\" data-element_type=\"section\" data-e-type=\"section\">\n\t\t\t\t\t\t<div class=\"elementor-container elementor-column-gap-default\">\n\t\t\t\t\t<div class=\"elementor-column elementor-col-100 elementor-top-column elementor-element elementor-element-e1bd06d\" data-id=\"e1bd06d\" data-element_type=\"column\" data-e-type=\"column\">\n\t\t\t<div class=\"elementor-widget-wrap elementor-element-populated\">\n\t\t\t\t\t\t<div class=\"elementor-element elementor-element-4dd3654 elementor-widget elementor-widget-text-editor\" data-id=\"4dd3654\" data-element_type=\"widget\" data-e-type=\"widget\" data-widget_type=\"text-editor.default\">\n\t\t\t\t<div class=\"elementor-widget-container\">\n\t\t\t\t\t\t\t\t\t<p>Wir sind:<\/p><ul><li>f\u00fcr Demokratie, Partizipation und Toleranz<\/li><li>gegen Fremdenfeindlichkeit, Rassismus, Extremismus, Gewalt, Antisemitismus, Homophobie, Sexismus und Menschenfeindlichkeit<\/li><li>unabh\u00e4ngig, nah dran, kompetent<\/li><li>ein Team, erg\u00e4nzen uns, sagen uns die Meinung<\/li><\/ul>\t\t\t\t\t\t\t\t<\/div>\n\t\t\t\t<\/div>\n\t\t\t\t\t<\/div>\n\t\t<\/div>\n\t\t\t\t\t<\/div>\n\t\t<\/section>\n\t\t\t\t<section class=\"elementor-section elementor-top-section elementor-element elementor-element-3527c6b elementor-section-boxed elementor-section-height-default elementor-section-height-default\" data-id=\"3527c6b\" data-element_type=\"section\" data-e-type=\"section\">\n\t\t\t\t\t\t<div class=\"elementor-container elementor-column-gap-default\">\n\t\t\t\t\t<div class=\"elementor-column elementor-col-50 elementor-top-column elementor-element elementor-element-6864df6\" data-id=\"6864df6\" data-element_type=\"column\" data-e-type=\"column\">\n\t\t\t<div class=\"elementor-widget-wrap elementor-element-populated\">\n\t\t\t\t\t\t<div class=\"elementor-element elementor-element-6539450 elementor-widget elementor-widget-heading\" data-id=\"6539450\" data-element_type=\"widget\" data-e-type=\"widget\" data-widget_type=\"heading.default\">\n\t\t\t\t<div class=\"elementor-widget-container\">\n\t\t\t\t\t<h1 class=\"elementor-heading-title elementor-size-default\">F\u00f6rderer<\/h1>\t\t\t\t<\/div>\n\t\t\t\t<\/div>\n\t\t\t\t\t<\/div>\n\t\t<\/div>\n\t\t\t\t<div class=\"elementor-column elementor-col-50 elementor-top-column elementor-element elementor-element-eef101a\" data-id=\"eef101a\" data-element_type=\"column\" data-e-type=\"column\">\n\t\t\t<div class=\"elementor-widget-wrap elementor-element-populated\">\n\t\t\t\t\t\t\t<\/div>\n\t\t<\/div>\n\t\t\t\t\t<\/div>\n\t\t<\/section>\n\t\t\t\t<section class=\"elementor-section elementor-top-section elementor-element elementor-element-18b8a23 elementor-section-boxed elementor-section-height-default elementor-section-height-default\" data-id=\"18b8a23\" data-element_type=\"section\" data-e-type=\"section\">\n\t\t\t\t\t\t<div class=\"elementor-container elementor-column-gap-default\">\n\t\t\t\t\t<div class=\"elementor-column elementor-col-100 elementor-top-column elementor-element elementor-element-d8716b5\" data-id=\"d8716b5\" data-element_type=\"column\" data-e-type=\"column\">\n\t\t\t<div class=\"elementor-widget-wrap elementor-element-populated\">\n\t\t\t\t\t\t<div class=\"elementor-element elementor-element-92e344a elementor-widget elementor-widget-text-editor\" data-id=\"92e344a\" data-element_type=\"widget\" data-e-type=\"widget\" data-widget_type=\"text-editor.default\">\n\t\t\t\t<div class=\"elementor-widget-container\">\n\t\t\t\t\t\t\t\t\t<p>Unsere Arbeit wird gef\u00f6rdert durch das Bundesprogramm \u201eDemokratie leben! Demokratie f\u00f6rdern. Vielfalt gestalten. Extremismus vorbeugen.\u201c (beim Bundesministerium f\u00fcr Familie, Senioren, Frauen und Jugend) sowie das Landesprogramm \u201eHessen \u2013 aktiv f\u00fcr Demokratie und gegen Extremismus\u201c (beim Hessischen Ministerium des Innern und f\u00fcr Sport).<\/p>\t\t\t\t\t\t\t\t<\/div>\n\t\t\t\t<\/div>\n\t\t\t\t\t<\/div>\n\t\t<\/div>\n\t\t\t\t\t<\/div>\n\t\t<\/section>\n\t\t\t\t<section class=\"elementor-section elementor-top-section elementor-element elementor-element-7ee240f elementor-section-boxed elementor-section-height-default elementor-section-height-default\" data-id=\"7ee240f\" data-element_type=\"section\" data-e-type=\"section\">\n\t\t\t\t\t\t<div class=\"elementor-container elementor-column-gap-default\">\n\t\t\t\t\t<div class=\"elementor-column elementor-col-100 elementor-top-column elementor-element elementor-element-d0749b1\" data-id=\"d0749b1\" data-element_type=\"column\" data-e-type=\"column\">\n\t\t\t<div class=\"elementor-widget-wrap elementor-element-populated\">\n\t\t\t\t\t\t<div class=\"elementor-element elementor-element-f467f0b elementor-widget elementor-widget-image\" data-id=\"f467f0b\" data-element_type=\"widget\" data-e-type=\"widget\" data-widget_type=\"image.default\">\n\t\t\t\t<div class=\"elementor-widget-container\">\n\t\t\t\t\t\t\t\t\t\t\t\t\t\t\t\t<a href=\"https:\/\/hke.hessen.de\/\">\n\t\t\t\t\t\t\t<img decoding=\"async\" width=\"300\" height=\"70\" src=\"https:\/\/jetzt-ev.de\/wp-content\/uploads\/2020\/09\/Logo_HESSEN_aktiv_gef_mit_land_4c-300x70.jpg\" class=\"attachment-medium size-medium wp-image-187\" alt=\"Logo &quot;Hessen Aktiv f\u00fcr Demokratie und gegen Extremismus\" srcset=\"https:\/\/jetzt-ev.de\/wp-content\/uploads\/2020\/09\/Logo_HESSEN_aktiv_gef_mit_land_4c-300x70.jpg 300w, https:\/\/jetzt-ev.de\/wp-content\/uploads\/2020\/09\/Logo_HESSEN_aktiv_gef_mit_land_4c-1024x238.jpg 1024w, https:\/\/jetzt-ev.de\/wp-content\/uploads\/2020\/09\/Logo_HESSEN_aktiv_gef_mit_land_4c-768x178.jpg 768w, https:\/\/jetzt-ev.de\/wp-content\/uploads\/2020\/09\/Logo_HESSEN_aktiv_gef_mit_land_4c-1536x357.jpg 1536w, https:\/\/jetzt-ev.de\/wp-content\/uploads\/2020\/09\/Logo_HESSEN_aktiv_gef_mit_land_4c.jpg 1786w\" sizes=\"(max-width: 300px) 100vw, 300px\" \/>\t\t\t\t\t\t\t\t<\/a>\n\t\t\t\t\t\t\t\t\t\t\t\t\t\t\t<\/div>\n\t\t\t\t<\/div>\n\t\t\t\t\t<\/div>\n\t\t<\/div>\n\t\t\t\t\t<\/div>\n\t\t<\/section>\n\t\t\t\t<section class=\"elementor-section elementor-top-section elementor-element elementor-element-3172297 elementor-section-boxed elementor-section-height-default elementor-section-height-default\" data-id=\"3172297\" data-element_type=\"section\" data-e-type=\"section\">\n\t\t\t\t\t\t<div class=\"elementor-container elementor-column-gap-default\">\n\t\t\t\t\t<div class=\"elementor-column elementor-col-100 elementor-top-column elementor-element elementor-element-c554586\" data-id=\"c554586\" data-element_type=\"column\" data-e-type=\"column\">\n\t\t\t<div class=\"elementor-widget-wrap elementor-element-populated\">\n\t\t\t\t\t\t<div class=\"elementor-element elementor-element-4cb5f77 elementor-widget elementor-widget-image\" data-id=\"4cb5f77\" data-element_type=\"widget\" data-e-type=\"widget\" data-widget_type=\"image.default\">\n\t\t\t\t<div class=\"elementor-widget-container\">\n\t\t\t\t\t\t\t\t\t\t\t\t\t\t\t\t<a href=\"https:\/\/www.demokratie-leben.de\/\">\n\t\t\t\t\t\t\t<img decoding=\"async\" width=\"300\" height=\"102\" src=\"https:\/\/jetzt-ev.de\/wp-content\/uploads\/2020\/09\/BMFSFJ_DL_mitFoerderzusatz-300x102.jpg\" class=\"attachment-medium size-medium wp-image-188\" alt=\"Logo &quot;Bundesprogramm Demokratie Leben&quot;\" srcset=\"https:\/\/jetzt-ev.de\/wp-content\/uploads\/2020\/09\/BMFSFJ_DL_mitFoerderzusatz-300x102.jpg 300w, https:\/\/jetzt-ev.de\/wp-content\/uploads\/2020\/09\/BMFSFJ_DL_mitFoerderzusatz-1024x347.jpg 1024w, https:\/\/jetzt-ev.de\/wp-content\/uploads\/2020\/09\/BMFSFJ_DL_mitFoerderzusatz-768x260.jpg 768w, https:\/\/jetzt-ev.de\/wp-content\/uploads\/2020\/09\/BMFSFJ_DL_mitFoerderzusatz-1536x520.jpg 1536w, https:\/\/jetzt-ev.de\/wp-content\/uploads\/2020\/09\/BMFSFJ_DL_mitFoerderzusatz.jpg 1677w\" sizes=\"(max-width: 300px) 100vw, 300px\" \/>\t\t\t\t\t\t\t\t<\/a>\n\t\t\t\t\t\t\t\t\t\t\t\t\t\t\t<\/div>\n\t\t\t\t<\/div>\n\t\t\t\t\t<\/div>\n\t\t<\/div>\n\t\t\t\t\t<\/div>\n\t\t<\/section>\n\t\t\t\t<\/div>\n\t\t","protected":false},"excerpt":{"rendered":"<p>Beratung, Coaching und Bildung Jetzt e.V. bietet Beratung, Moderationen, Kooperationen, Vernetzung, Fortbildungen, Seminare, Prozessbegleitung und Coaching an.\u00a0 Wir sind an Ihrer Seite: wenn es bei Ihnen vor Ort rechtsextreme Aktivit\u00e4ten gibt wenn Sie und Ihr Umfeld Bedrohungen und Anfeindungen erleben wenn Sie auf den Social Media-Kan\u00e4len beleidigt werden wenn Sie in Ihrer Organisation rechtspopulistische Tendenzen [&hellip;]<\/p>\n","protected":false},"author":1,"featured_media":0,"parent":0,"menu_order":0,"comment_status":"closed","ping_status":"closed","template":"","meta":{"ocean_post_layout":"","ocean_both_sidebars_style":"","ocean_both_sidebars_content_width":0,"ocean_both_sidebars_sidebars_width":0,"ocean_sidebar":"","ocean_second_sidebar":"","ocean_disable_margins":"enable","ocean_add_body_class":"","ocean_shortcode_before_top_bar":"","ocean_shortcode_after_top_bar":"","ocean_shortcode_before_header":"","ocean_shortcode_after_header":"","ocean_has_shortcode":"","ocean_shortcode_after_title":"","ocean_shortcode_before_footer_widgets":"","ocean_shortcode_after_footer_widgets":"","ocean_shortcode_before_footer_bottom":"","ocean_shortcode_after_footer_bottom":"","ocean_display_top_bar":"default","ocean_display_header":"default","ocean_header_style":"","ocean_center_header_left_menu":"","ocean_custom_header_template":"","ocean_custom_logo":0,"ocean_custom_retina_logo":0,"ocean_custom_logo_max_width":0,"ocean_custom_logo_tablet_max_width":0,"ocean_custom_logo_mobile_max_width":0,"ocean_custom_logo_max_height":0,"ocean_custom_logo_tablet_max_height":0,"ocean_custom_logo_mobile_max_height":0,"ocean_header_custom_menu":"","ocean_menu_typo_font_family":"","ocean_menu_typo_font_subset":"","ocean_menu_typo_font_size":0,"ocean_menu_typo_font_size_tablet":0,"ocean_menu_typo_font_size_mobile":0,"ocean_menu_typo_font_size_unit":"px","ocean_menu_typo_font_weight":"","ocean_menu_typo_font_weight_tablet":"","ocean_menu_typo_font_weight_mobile":"","ocean_menu_typo_transform":"","ocean_menu_typo_transform_tablet":"","ocean_menu_typo_transform_mobile":"","ocean_menu_typo_line_height":0,"ocean_menu_typo_line_height_tablet":0,"ocean_menu_typo_line_height_mobile":0,"ocean_menu_typo_line_height_unit":"","ocean_menu_typo_spacing":0,"ocean_menu_typo_spacing_tablet":0,"ocean_menu_typo_spacing_mobile":0,"ocean_menu_typo_spacing_unit":"","ocean_menu_link_color":"","ocean_menu_link_color_hover":"","ocean_menu_link_color_active":"","ocean_menu_link_background":"","ocean_menu_link_hover_background":"","ocean_menu_link_active_background":"","ocean_menu_social_links_bg":"","ocean_menu_social_hover_links_bg":"","ocean_menu_social_links_color":"","ocean_menu_social_hover_links_color":"","ocean_disable_title":"default","ocean_disable_heading":"default","ocean_post_title":"","ocean_post_subheading":"","ocean_post_title_style":"","ocean_post_title_background_color":"","ocean_post_title_background":0,"ocean_post_title_bg_image_position":"","ocean_post_title_bg_image_attachment":"","ocean_post_title_bg_image_repeat":"","ocean_post_title_bg_image_size":"","ocean_post_title_height":0,"ocean_post_title_bg_overlay":0.5,"ocean_post_title_bg_overlay_color":"","ocean_disable_breadcrumbs":"default","ocean_breadcrumbs_color":"","ocean_breadcrumbs_separator_color":"","ocean_breadcrumbs_links_color":"","ocean_breadcrumbs_links_hover_color":"","ocean_display_footer_widgets":"default","ocean_display_footer_bottom":"default","ocean_custom_footer_template":"","footnotes":""},"class_list":["post-35","page","type-page","status-publish","hentry","entry"],"_links":{"self":[{"href":"https:\/\/jetzt-ev.de\/index.php?rest_route=\/wp\/v2\/pages\/35","targetHints":{"allow":["GET"]}}],"collection":[{"href":"https:\/\/jetzt-ev.de\/index.php?rest_route=\/wp\/v2\/pages"}],"about":[{"href":"https:\/\/jetzt-ev.de\/index.php?rest_route=\/wp\/v2\/types\/page"}],"author":[{"embeddable":true,"href":"https:\/\/jetzt-ev.de\/index.php?rest_route=\/wp\/v2\/users\/1"}],"replies":[{"embeddable":true,"href":"https:\/\/jetzt-ev.de\/index.php?rest_route=%2Fwp%2Fv2%2Fcomments&post=35"}],"version-history":[{"count":62,"href":"https:\/\/jetzt-ev.de\/index.php?rest_route=\/wp\/v2\/pages\/35\/revisions"}],"predecessor-version":[{"id":301,"href":"https:\/\/jetzt-ev.de\/index.php?rest_route=\/wp\/v2\/pages\/35\/revisions\/301"}],"wp:attachment":[{"href":"https:\/\/jetzt-ev.de\/index.php?rest_route=%2Fwp%2Fv2%2Fmedia&parent=35"}],"curies":[{"name":"wp","href":"https:\/\/api.w.org\/{rel}","templated":true}]}}